{"version":"1.0","provider_name":"","provider_url":"https:\/\/neues-mitteldeutschland.de","author_name":"NMD-Admin","author_url":"https:\/\/neues-mitteldeutschland.de\/index.php\/author\/nmd-admin\/","title":"Geras Denkmale \u00f6ffnen wieder ihre T\u00fcren -","type":"rich","width":600,"height":338,"html":"<blockquote class=\"wp-embedded-content\" data-secret=\"fMOyWgqa9P\"><a href=\"https:\/\/neues-mitteldeutschland.de\/index.php\/2026\/09\/02\/geras-denkmale-oeffnen-wieder-ihre-tueren\/\">Geras Denkmale \u00f6ffnen wieder ihre T\u00fcren<\/a><\/blockquote><iframe sandbox=\"allow-scripts\" security=\"restricted\" src=\"https:\/\/neues-mitteldeutschland.de\/index.php\/2026\/09\/02\/geras-denkmale-oeffnen-wieder-ihre-tueren\/embed\/#?secret=fMOyWgqa9P\" width=\"600\" height=\"338\" title=\"&#8222;Geras Denkmale \u00f6ffnen wieder ihre T\u00fcren&#8220; &#8211; \" data-secret=\"fMOyWgqa9P\" frameborder=\"0\" marginwidth=\"0\" marginheight=\"0\" scrolling=\"no\" class=\"wp-embedded-content\"><\/iframe><script>\n\/*! This file is auto-generated *\/\n!function(d,l){\"use strict\";l.querySelector&&d.addEventListener&&\"undefined\"!=typeof URL&&(d.wp=d.wp||{},d.wp.receiveEmbedMessage||(d.wp.receiveEmbedMessage=function(e){var t=e.data;if((t||t.secret||t.message||t.value)&&!\/[^a-zA-Z0-9]\/.test(t.secret)){for(var s,r,n,a=l.querySelectorAll('iframe[data-secret=\"'+t.secret+'\"]'),o=l.querySelectorAll('blockquote[data-secret=\"'+t.secret+'\"]'),c=new RegExp(\"^https?:$\",\"i\"),i=0;i<o.length;i++)o[i].style.display=\"none\";for(i=0;i<a.length;i++)s=a[i],e.source===s.contentWindow&&(s.removeAttribute(\"style\"),\"height\"===t.message?(1e3<(r=parseInt(t.value,10))?r=1e3:~~r<200&&(r=200),s.height=r):\"link\"===t.message&&(r=new URL(s.getAttribute(\"src\")),n=new URL(t.value),c.test(n.protocol))&&n.host===r.host&&l.activeElement===s&&(d.top.location.href=t.value))}},d.addEventListener(\"message\",d.wp.receiveEmbedMessage,!1),l.addEventListener(\"DOMContentLoaded\",function(){for(var e,t,s=l.querySelectorAll(\"iframe.wp-embedded-content\"),r=0;r<s.length;r++)(t=(e=s[r]).getAttribute(\"data-secret\"))||(t=Math.random().toString(36).substring(2,12),e.src+=\"#?secret=\"+t,e.setAttribute(\"data-secret\",t)),e.contentWindow.postMessage({message:\"ready\",secret:t},\"*\")},!1)))}(window,document);\n\/\/# sourceURL=https:\/\/neues-mitteldeutschland.de\/wp-includes\/js\/wp-embed.min.js\n<\/script>\n","thumbnail_url":"https:\/\/neues-mitteldeutschland.de\/wp-content\/uploads\/2025\/10\/Portaleintrag_Gera-768x401.jpg","thumbnail_width":600,"thumbnail_height":313,"description":"Geras Denkmale \u00f6ffnen wieder ihre T\u00fcren Am 13. September l\u00e4dt Gera zum j\u00e4hrlichen Tag des offenen Denkmals\u00ae ein \u2013 mit 20 ge\u00f6ffneten Denkmalen, neuen Einblicken und einem vielf\u00e4ltigen Programm. Bereits am Vorabend stimmt die Nacht der Kirchen auf das Wochenende ein. Gera ist und bleibt Denkmalhauptstadt. Mit 621 Kulturdenkmalen, 50 Gartendenkmalen und 21 Denkmalensembles verf\u00fcgt [&hellip;]"}